{"id":2858,"date":"2020-11-15T23:14:20","date_gmt":"2020-11-15T22:14:20","guid":{"rendered":"https:\/\/www.parafia-nowemiasto.pl\/?page_id=2858"},"modified":"2026-01-21T08:50:00","modified_gmt":"2026-01-21T07:50:00","slug":"sakrament-chrztu","status":"publish","type":"page","link":"http:\/\/www.parafia-nowemiasto.pl\/index.php\/sakrament-chrztu\/","title":{"rendered":"Sakrament chrztu"},"content":{"rendered":"\n<div class=\"chrzest-page\">\n\n  <!-- HERO -->\n  <section class=\"chrzest-hero\">\n    <div class=\"chrzest-hero__content\">\n      <p class=\"chrzest-hero__subtitle\">Sakramenty w&nbsp;naszej parafii<\/p>\n      <h1>Chrzest \u015bwi\u0119ty<\/h1>\n      <p>\n        Chrzest \u015bwi\u0119ty jest pierwszym sakramentem i&nbsp;bram\u0105 do&nbsp;\u017cycia\n        sakramentalnego w&nbsp;Ko\u015bciele. Dzi\u0119ki niemu cz\u0142owiek zostaje\n        w\u0142\u0105czony do wsp\u00f3lnoty Ko\u015bcio\u0142a, otrzymuje odpuszczenie grzechu\n        pierworodnego i&nbsp;staje si\u0119 dzieckiem Bo\u017cym.\n      <\/p>\n      <p class=\"chrzest-hero__note\">\n        W&nbsp;naszej parafii chrzest zasadniczo udzielany jest w&nbsp;niedziele\n        podczas Mszy \u015bwi\u0119tej.\n      <\/p>\n    <\/div>\n\n    <figure class=\"chrzest-hero__photo\">\n      <img decoding=\"async\"\n        src=\"https:\/\/www.parafia-nowemiasto.pl\/wp-content\/uploads\/2020\/12\/chrzcielnica-scaled.jpg\"\n        alt=\"Chrzcielnica w&nbsp;ko\u015bciele \u015bw. Anny w&nbsp;Nowym Mie\u015bcie\">\n    <\/figure>\n  <\/section>\n\n  <!-- G\u0141\u00d3WNY BLOK: cytat + informacje praktyczne -->\n  <section class=\"chrzest-main\">\n    <div class=\"chrzest-main__inner\">\n\n      <!-- Cytat biblijny -->\n      <aside class=\"chrzest-quote\">\n        <p>\n          \u201eDana Mi jest wszelka w\u0142adza w&nbsp;niebie i&nbsp;na ziemi. Id\u017acie wi\u0119c\n          i&nbsp;nauczajcie wszystkie narody, udzielaj\u0105c im chrztu\n          w&nbsp;imi\u0119 Ojca i&nbsp;Syna, i&nbsp;Ducha \u015awi\u0119tego. Uczcie je\n          zachowywa\u0107 wszystko, co wam przykaza\u0142em.\n          A&nbsp;oto Ja&nbsp;jestem z&nbsp;wami przez wszystkie dni, a\u017c do sko\u0144czenia \u015bwiata.\u201d\n        <\/p>\n        <p class=\"chrzest-quote__cite\">Mt 28, 18\u201320<\/p>\n      <\/aside>\n\n      <div class=\"chrzest-content\">\n\n        <!-- Znaczenie sakramentu -->\n        <section class=\"chrzest-section\" id=\"znaczenie\">\n          <h2>Znaczenie sakramentu chrztu<\/h2>\n          <p>\n            Chrzest \u015bwi\u0119ty jest pocz\u0105tkiem \u017cycia chrze\u015bcija\u0144skiego. Bez\n            wa\u017cnie przyj\u0119tego chrztu nie mo\u017cna przyj\u0105\u0107 wa\u017cnie \u017cadnego\n            innego sakramentu. Udziela si\u0119 go tylko raz w&nbsp;\u017cyciu i&nbsp;na\n            zawsze pozostawia w&nbsp;duszy niezatarte znami\u0119 \u2013 cz\u0142owiek na\n            wieki pozostaje ochrzczony.\n          <\/p>\n          <p>\n            W&nbsp;sakramencie chrztu zostajemy zanurzeni w&nbsp;misterium \u015bmierci\n            i&nbsp;zmartwychwstania Chrystusa, otrzymujemy przebaczenie grzechu\n            pierworodnego i&nbsp;zostajemy w\u0142\u0105czeni do Ko\u015bcio\u0142a \u2013\n            wsp\u00f3lnoty wiary. Dlatego decyzja rodzic\u00f3w o&nbsp;chrzcie dziecka\n            jest decyzj\u0105 bardzo odpowiedzialn\u0105 i&nbsp;wymaga \u015bwiadomo\u015bci\n            konsekwencji duchowych oraz gotowo\u015bci do wychowania dziecka\n            w&nbsp;wierze.\n          <\/p>\n        <\/section>\n\n        <!-- Formalno\u015bci -->\n        <section class=\"chrzest-section\" id=\"formalnosci\">\n          <h2>Formalno\u015bci i&nbsp;przygotowanie<\/h2>\n          <ul class=\"chrzest-list\">\n            <li>\n              <strong>Zg\u0142oszenie chrztu:<\/strong>\n              jedno z&nbsp;rodzic\u00f3w przychodzi do kancelarii parafialnej\n              ok. dwa tygodnie przed planowanym terminem chrztu.\n            <\/li>\n            <li>\n              <strong>Dokumenty:<\/strong>\n              odpis skr\u00f3cony aktu urodzenia dziecka oraz dane rodzic\u00f3w\n              chrzestnych (imi\u0119, nazwisko, wiek, adres zamieszkania).\n            <\/li>\n            <li>\n              <strong>Spisanie aktu chrztu:<\/strong>\n              w&nbsp;kancelarii kap\u0142an sporz\u0105dza akt chrztu oraz wydaje\n              kartki do spowiedzi dla rodzic\u00f3w i&nbsp;chrzestnych.\n            <\/li>\n            <li>\n              <strong>Ma\u0142\u017ce\u0144stwo rodzic\u00f3w:<\/strong>\n              rodzice dziecka powinni \u017cy\u0107 w&nbsp;sakramentalnym ma\u0142\u017ce\u0144stwie.\n              W&nbsp;przypadku innej sytuacji prosimy, aby szczeg\u00f3lnie zadba\u0107\n              o&nbsp;wyb\u00f3r odpowiedzialnych rodzic\u00f3w chrzestnych.\n            <\/li>\n            <li>\n              <strong>Konferencja chrzcielna:<\/strong>\n              rodzice oraz rodzice chrzestni maj\u0105 obowi\u0105zek udzia\u0142u\n              w&nbsp;katechezie przygotowuj\u0105cej do sakramentu chrztu.\n            <\/li>\n            <li>\n              <strong>Miejsce chrztu:<\/strong>\n              chrzest zasadniczo przyjmuje si\u0119 w&nbsp;parafii zamieszkania.\n              W&nbsp;przypadku chrztu poza parafi\u0105 wymagana jest pisemna zgoda\n              proboszcza miejsca zamieszkania.\n            <\/li>\n          <\/ul>\n        <\/section>\n\n        <!-- W&nbsp;dniu chrztu -->\n        <section class=\"chrzest-section\" id=\"dzien-chrztu\">\n          <h2>W&nbsp;dniu chrztu<\/h2>\n          <ul class=\"chrzest-list\">\n            <li>\n              Rodzice i&nbsp;chrzestni zg\u0142aszaj\u0105 si\u0119 do zakrystii\n              ok. 20 minut przed rozpocz\u0119ciem Mszy \u015bwi\u0119tej, aby podpisa\u0107\n              akt chrztu.\n            <\/li>\n            <li>\n              Przynosz\u0105 ze sob\u0105 kartki z&nbsp;odbyt\u0105 spowiedzi\u0105\n              oraz \u2013 w&nbsp;przypadku chrzestnych spoza parafii \u2013\n              za\u015bwiadczenia z&nbsp;ich parafii, \u017ce mog\u0105 pe\u0142ni\u0107 t\u0119 funkcj\u0119.\n            <\/li>\n            <li>\n              Nale\u017cy przygotowa\u0107 <strong>bia\u0142\u0105 szatk\u0119<\/strong> oraz\n              <strong>\u015bwiec\u0119 chrzcieln\u0105<\/strong>, kt\u00f3re s\u0105 znakami\n              nowego \u017cycia w&nbsp;Chrystusie i&nbsp;\u015bwiat\u0142a wiary.\n            <\/li>\n          <\/ul>\n        <\/section>\n\n        <!-- Rodzice chrzestni -->\n        <section class=\"chrzest-section\" id=\"chrzestni\">\n          <h2>Rodzice chrzestni<\/h2>\n          <p>\n            Rodzice chrzestni, razem z&nbsp;rodzicami dziecka, maj\u0105 obowi\u0105zek\n            pomaga\u0107 ochrzczonemu w&nbsp;prowadzeniu \u017cycia chrze\u015bcija\u0144skiego\n            oraz troszczy\u0107 si\u0119, aby wiernie wype\u0142nia\u0142 zobowi\u0105zania\n            wynikaj\u0105ce z&nbsp;chrztu (por. KPK, kan. 872).\n          <\/p>\n          <p>\n            Do godno\u015bci chrzestnego\/chrzestnej mo\u017ce by\u0107 dopuszczona osoba\n            wyznania katolickiego, kt\u00f3ra (por. KPK, kan. 874):\n          <\/p>\n          <ul class=\"chrzest-list\">\n            <li>\n              przyj\u0119\u0142a sakramenty inicjacji chrze\u015bcija\u0144skiej:\n              chrzest, bierzmowanie i&nbsp;Eucharysti\u0119;\n            <\/li>\n            <li>\n              uko\u0144czy\u0142a co najmniej 16 lat\n              (chyba \u017ce proboszcz postanowi inaczej z&nbsp;wa\u017cnej przyczyny);\n            <\/li>\n            <li>\n              prowadzi \u017cycie zgodne z&nbsp;wiar\u0105 katolick\u0105 i&nbsp;zasadami moralno\u015bci,\n              w&nbsp;szczeg\u00f3lno\u015bci uczestniczy w&nbsp;niedzielnej Mszy \u015bwi\u0119tej\n              i&nbsp;korzysta z&nbsp;sakrament\u00f3w;\n            <\/li>\n            <li>\n              nie jest obj\u0119ta kar\u0105 ko\u015bcieln\u0105 oraz, w&nbsp;razie zawarcia\n              ma\u0142\u017ce\u0144stwa, \u017cyje w&nbsp;zwi\u0105zku sakramentalnym.\n            <\/li>\n          <\/ul>\n          <p class=\"chrzest-note\">\n            Z&nbsp;roztropno\u015bci\u0105 nale\u017cy wybiera\u0107 osoby proszone o&nbsp;t\u0119 pos\u0142ug\u0119,\n            powierzaj\u0105c j\u0105 tym, kt\u00f3rzy b\u0119d\u0105 dla dziecka czytelnym\n            \u015bwiadectwem wiary. Osoby, kt\u00f3re wiedz\u0105, \u017ce nie spe\u0142niaj\u0105\n            wymaga\u0144 stawianych chrzestnym, powinny z&nbsp;szacunkiem odm\u00f3wi\u0107\n            przyj\u0119cia tej funkcji.\n          <\/p>\n          <p class=\"chrzest-note\">\n            Chrzestni mieszkaj\u0105cy w&nbsp;innej parafii zwracaj\u0105 si\u0119 do swojego\n            proboszcza o&nbsp;za\u015bwiadczenie, \u017ce mog\u0105 pe\u0142ni\u0107 funkcj\u0119 rodzica\n            chrzestnego.\n          <\/p>\n        <\/section>\n\n      <\/div>\n    <\/div>\n  <\/section>\n\n<\/div>\n","protected":false},"excerpt":{"rendered":"<p>Sakramenty w&nbsp;naszej parafii Chrzest \u015bwi\u0119ty Chrzest \u015bwi\u0119ty jest pierwszym sakramentem i&nbsp;bram\u0105 do&nbsp;\u017cycia sakramentalnego w&nbsp;Ko\u015bciele. Dzi\u0119ki niemu cz\u0142owiek zostaje w\u0142\u0105czony do wsp\u00f3lnoty Ko\u015bcio\u0142a, otrzymuje odpuszczenie grzechu pierworodnego i&nbsp;staje si\u0119 dzieckiem Bo\u017cym. W&nbsp;naszej parafii chrzest zasadniczo udzielany jest w&nbsp;niedziele podczas Mszy \u015bwi\u0119tej. \u201eDana Mi jest wszelka w\u0142adza w&nbsp;niebie i&nbsp;na ziemi. Id\u017acie wi\u0119c i&nbsp;nauczajcie wszystkie narody, udzielaj\u0105c im [&hellip;]<\/p>\n","protected":false},"author":1,"featured_media":0,"parent":0,"menu_order":0,"comment_status":"closed","ping_status":"closed","template":"","meta":{"footnotes":""},"class_list":["post-2858","page","type-page","status-publish","hentry"],"_links":{"self":[{"href":"http:\/\/www.parafia-nowemiasto.pl\/index.php\/wp-json\/wp\/v2\/pages\/2858","targetHints":{"allow":["GET"]}}],"collection":[{"href":"http:\/\/www.parafia-nowemiasto.pl\/index.php\/wp-json\/wp\/v2\/pages"}],"about":[{"href":"http:\/\/www.parafia-nowemiasto.pl\/index.php\/wp-json\/wp\/v2\/types\/page"}],"author":[{"embeddable":true,"href":"http:\/\/www.parafia-nowemiasto.pl\/index.php\/wp-json\/wp\/v2\/users\/1"}],"replies":[{"embeddable":true,"href":"http:\/\/www.parafia-nowemiasto.pl\/index.php\/wp-json\/wp\/v2\/comments?post=2858"}],"version-history":[{"count":107,"href":"http:\/\/www.parafia-nowemiasto.pl\/index.php\/wp-json\/wp\/v2\/pages\/2858\/revisions"}],"predecessor-version":[{"id":7320,"href":"http:\/\/www.parafia-nowemiasto.pl\/index.php\/wp-json\/wp\/v2\/pages\/2858\/revisions\/7320"}],"wp:attachment":[{"href":"http:\/\/www.parafia-nowemiasto.pl\/index.php\/wp-json\/wp\/v2\/media?parent=2858"}],"curies":[{"name":"wp","href":"https:\/\/api.w.org\/{rel}","templated":true}]}}