{"id":2255,"date":"2020-11-02T21:36:00","date_gmt":"2020-11-02T20:36:00","guid":{"rendered":"http:\/\/www.parafia-nowemiasto.pl\/?page_id=2255"},"modified":"2026-03-31T08:15:22","modified_gmt":"2026-03-31T06:15:22","slug":"ogloszenia","status":"publish","type":"page","link":"https:\/\/www.parafia-nowemiasto.pl\/index.php\/ogloszenia\/","title":{"rendered":"Og\u0142oszenia parafialne"},"content":{"rendered":"\n<div class=\"ogloszenia-page\">\n\n  <!-- HERO -->\n  <section class=\"ogloszenia-hero\">\n    <div class=\"ogloszenia-hero__content\">\n      <p class=\"ogloszenia-hero__subtitle\">Og\u0142oszenia parafialne<\/p>\n      <h1>Og\u0142oszenia parafialne<\/h1>\n      <p>\n        Bie\u017c\u0105ce og\u0142oszenia parafialne z&nbsp;parafii \u015bw.&nbsp;Anny w&nbsp;Nowym&nbsp;Mie\u015bcie.\n        Poni\u017cej znajduj\u0105 si\u0119 informacje dotycz\u0105ce Wielkiego Tygodnia\n        oraz uroczysto\u015bci Zmartwychwstania Pa\u0144skiego.\n      <\/p>\n      <p class=\"ogloszenia-hero__note\">\n        Og\u0142oszenia aktualizowane s\u0105 na bie\u017c\u0105co \u2013 w&nbsp;razie zmian prosimy\n        o&nbsp;\u015bledzenie tej strony.\n      <\/p>\n    <\/div>\n\n    <figure class=\"ogloszenia-hero__photo\">\n      <img decoding=\"async\"\n        src=\"http:\/\/www.parafia-nowemiasto.pl\/wp-content\/uploads\/2020\/12\/ogloszenia-scaled.jpg\"\n        alt=\"Ksi\u0119ga z&nbsp;og\u0142oszeniami i&nbsp;intencjami mszalnymi\">\n    <\/figure>\n  <\/section>\n\n  <!-- BLOK G\u0141\u00d3WNY: OG\u0141OSZENIA -->\n  <section class=\"ogloszenia-list\">\n    <header class=\"ogloszenia-list__header\">\n      <h2>Og\u0142oszenia na najbli\u017cszy czas<\/h2>\n      <p>Aktualne og\u0142oszenia parafialne na Wielki Tydzie\u0144 i&nbsp;Wielkanoc.<\/p>\n    <\/header>\n\n    <ol class=\"ogloszenia-items\">\n      <li>\n        Duchow\u0105 adopcj\u0119 dziecka pocz\u0119tego przyj\u0119\u0142o w&nbsp;naszej parafii\n        <strong>17 os\u00f3b<\/strong>.\n      <\/li>\n\n      <li>\n        W&nbsp;<strong>Wielki Czwartek<\/strong> Msza \u015bw. Wieczerzy Pa\u0144skiej\n        o&nbsp;godz. <strong>18.00<\/strong>. Po niej adoracja w&nbsp;ciemnicy\n        do godz. <strong>20.00<\/strong> (prowadz\u0105 K.\u017b.R.).\n      <\/li>\n      \n      <li>\n        W&nbsp;<strong>Wielki Pi\u0105tek<\/strong> obowi\u0105zuje <strong>post \u015bcis\u0142y<\/strong>.\n        Zach\u0119cam do zachowania postu r\u00f3wnie\u017c w&nbsp;Wielk\u0105 Sobot\u0119.\n      <\/li>\n\n      <li>\n        W&nbsp;<strong>Wielki Pi\u0105tek<\/strong> nabo\u017ce\u0144stwo M\u0119ki Pa\u0144skiej\n        o&nbsp;godz. <strong>18.00<\/strong>. O&nbsp;godz. <strong>21.00<\/strong>\n        za\u015bpiewamy trzy cz\u0119\u015bci Gorzkich \u017bali, a nast\u0119pnie adoracj\u0119\n        do godz. <strong>22.00<\/strong> b\u0119dzie prowadzi\u0142 ch\u00f3r parafialny.\n      <\/li>\n\n      <li>\n        W&nbsp;<strong>Wielk\u0105 Sobot\u0119<\/strong> adoracja przy Grobie Pa\u0144skim\n        od godz. <strong>9.00<\/strong>.\n      <\/li>\n\n      <li>\n        W&nbsp;<strong>Wielk\u0105 Sobot\u0119<\/strong> \u2013\n        <strong><em>po\u015bwi\u0119cenie pokarm\u00f3w wielkanocnych<\/em><\/strong>\n        w&nbsp;godz.: <strong>10, 11, 12, 14 i&nbsp;15<\/strong>.\n      <\/li>\n\n      <li>\n        W&nbsp;<strong>Wielk\u0105 Sobot\u0119<\/strong> \u2013 <strong>Liturgia Wigilii Paschalnej<\/strong>\n        o&nbsp;godz. <strong>20.30<\/strong>.\n      <\/li>\n\n      <li>\n        W&nbsp;<strong>Niedziel\u0119 Wielkanocn\u0105<\/strong> \u2013 <strong>Rezurekcja<\/strong>\n        o&nbsp;<strong>6.00<\/strong>, nast\u0119pnie Msze \u015bw. o&nbsp;<strong>9, 11 i&nbsp;17<\/strong>.\n      <\/li>\n\n      <li>\n        W&nbsp;<strong>Poniedzia\u0142ek Wielkanocny<\/strong> \u2013 Msze \u015bw.\n        o&nbsp;<strong>9, 11<\/strong> (z&nbsp;udzieleniem sakramentu Chrztu \u015bw.)\n        i&nbsp;<strong>17<\/strong>.\n      <\/li>\n    <\/ol>\n\n    <p class=\"ogloszenia-signature\">\n      PROBOSZCZ<br>\n      Ks.&nbsp;Kan.&nbsp;Wojciech&nbsp;BRZOZOWSKI\n    <\/p>\n  <\/section>\n\n<\/div>\n\n\n<p><!-- \/wp:post-content --><!-- \/wp:freeform --><!-- \/wp:freeform --><\/p>\n<p><!-- \/wp:freeform --><\/p>","protected":false},"excerpt":{"rendered":"<p>Og\u0142oszenia parafialne Og\u0142oszenia parafialne Bie\u017c\u0105ce og\u0142oszenia parafialne z&nbsp;parafii \u015bw.&nbsp;Anny w&nbsp;Nowym&nbsp;Mie\u015bcie. Poni\u017cej znajduj\u0105 si\u0119 informacje dotycz\u0105ce Wielkiego Tygodnia oraz uroczysto\u015bci Zmartwychwstania Pa\u0144skiego. Og\u0142oszenia aktualizowane s\u0105 na bie\u017c\u0105co \u2013 w&nbsp;razie zmian prosimy o&nbsp;\u015bledzenie tej strony. Og\u0142oszenia na najbli\u017cszy czas Aktualne og\u0142oszenia parafialne na Wielki Tydzie\u0144 i&nbsp;Wielkanoc. Duchow\u0105 adopcj\u0119 dziecka pocz\u0119tego przyj\u0119\u0142o w&nbsp;naszej parafii 17 os\u00f3b. W&nbsp;Wielki Czwartek [&hellip;]<\/p>\n","protected":false},"author":1,"featured_media":0,"parent":0,"menu_order":0,"comment_status":"closed","ping_status":"closed","template":"","meta":{"footnotes":""},"class_list":["post-2255","page","type-page","status-publish","hentry"],"_links":{"self":[{"href":"https:\/\/www.parafia-nowemiasto.pl\/index.php\/wp-json\/wp\/v2\/pages\/2255","targetHints":{"allow":["GET"]}}],"collection":[{"href":"https:\/\/www.parafia-nowemiasto.pl\/index.php\/wp-json\/wp\/v2\/pages"}],"about":[{"href":"https:\/\/www.parafia-nowemiasto.pl\/index.php\/wp-json\/wp\/v2\/types\/page"}],"author":[{"embeddable":true,"href":"https:\/\/www.parafia-nowemiasto.pl\/index.php\/wp-json\/wp\/v2\/users\/1"}],"replies":[{"embeddable":true,"href":"https:\/\/www.parafia-nowemiasto.pl\/index.php\/wp-json\/wp\/v2\/comments?post=2255"}],"version-history":[{"count":1313,"href":"https:\/\/www.parafia-nowemiasto.pl\/index.php\/wp-json\/wp\/v2\/pages\/2255\/revisions"}],"predecessor-version":[{"id":7421,"href":"https:\/\/www.parafia-nowemiasto.pl\/index.php\/wp-json\/wp\/v2\/pages\/2255\/revisions\/7421"}],"wp:attachment":[{"href":"https:\/\/www.parafia-nowemiasto.pl\/index.php\/wp-json\/wp\/v2\/media?parent=2255"}],"curies":[{"name":"wp","href":"https:\/\/api.w.org\/{rel}","templated":true}]}}