{"id":2255,"date":"2020-11-02T21:36:00","date_gmt":"2020-11-02T20:36:00","guid":{"rendered":"http:\/\/www.parafia-nowemiasto.pl\/?page_id=2255"},"modified":"2026-08-30T12:21:03","modified_gmt":"2026-08-30T10:21:03","slug":"ogloszenia","status":"publish","type":"page","link":"https:\/\/www.parafia-nowemiasto.pl\/index.php\/ogloszenia\/","title":{"rendered":"Og\u0142oszenia parafialne"},"content":{"rendered":"<div class=\"ogloszenia-page\">\n\n<!-- HERO -->\n\n<section class=\"ogloszenia-hero\">\n<div class=\"ogloszenia-hero__content\">\n<h1>Og\u0142oszenia parafialne<\/h1>\n<p class=\"ogloszenia-hero__note\"><\/p>\n\n<\/div>\n<figure class=\"ogloszenia-hero__photo\"><img decoding=\"async\" src=\"http:\/\/www.parafia-nowemiasto.pl\/wp-content\/uploads\/2020\/12\/ogloszenia-scaled.jpg\" alt=\"Ksi\u0119ga z\u00a0og\u0142oszeniami i\u00a0intencjami mszalnymi\" \/><\/figure>\n<\/section><!-- BLOK G\u0141\u00d3WNY: OG\u0141OSZENIA -->\n\n<section class=\"ogloszenia-list\"><header class=\"ogloszenia-list__header\">\n<ol>\n \t<li>We wtorek o&nbsp;godz. 9 Msza \u015bw. na rozpocz\u0119cie roku szkolnego.<\/li>\n \t<li>W&nbsp;pi\u0105tek o&nbsp;godz. 16 wystawienie Naj\u015bw. Sakramentu i&nbsp;nabo\u017ce\u0144stwo pierwszopi\u0105tkowe. O&nbsp;godz. 9 wyjazd do chorych.<\/li>\n \t<li>W&nbsp;sobot\u0119 o&nbsp;godz. 9 nabo\u017ce\u0144stwo r\u00f3\u017ca\u0144cowe.<\/li>\n \t<li>W&nbsp;niedziel\u0119 6 wrze\u015bnia b\u0119dziemy \u015bwi\u0119towa\u0107 do\u017cynki Parafialno- Gminne. B\u0119dzie to r\u00f3wnie\u017c I-wsza niedziela m-ca. Zapraszam ca\u0142\u0105 asyst\u0119 procesyjn\u0105, rolnik\u00f3w\u00a0 i&nbsp;osoby zaanga\u017cowane w&nbsp;u\u015bwietnienie liturgii.<\/li>\n<\/ol>\n<\/header>\n<p class=\"ogloszenia-signature\">\u00a0 \u00a0 \u00a0 \u00a0 \u00a0 \u00a0 \u00a0 \u00a0 \u00a0 \u00a0 \u00a0 \u00a0 \u00a0 \u00a0 \u00a0 \u00a0 \u00a0 \u00a0 \u00a0 \u00a0 \u00a0 \u00a0 \u00a0 \u00a0 \u00a0 \u00a0 \u00a0 \u00a0 \u00a0 \u00a0 \u00a0 \u00a0 \u00a0 \u00a0 \u00a0 \u00a0 \u00a0 \u00a0 \u00a0 \u00a0 \u00a0 \u00a0 \u00a0 \u00a0 \u00a0 \u00a0 \u00a0 \u00a0 \u00a0 \u00a0 \u00a0 \u00a0 PROBOSZCZ\nKs. Kan. Wojciech BRZOZOWSKI<\/p>\n\n<\/section><\/div>\n<!-- \/wp:post-content --><!-- \/wp:freeform --><!-- \/wp:freeform -->\n\n<!-- \/wp:freeform -->\n\n<!-- \/wp:freeform --><!-- \/wp:freeform --><!-- \/wp:freeform -->\n\n<!-- wp:paragraph -->\n\n<!-- \/wp:paragraph -->","protected":false},"excerpt":{"rendered":"<p>Og\u0142oszenia parafialne We wtorek o&nbsp;godz. 9 Msza \u015bw. na rozpocz\u0119cie roku szkolnego. W&nbsp;pi\u0105tek o&nbsp;godz. 16 wystawienie Naj\u015bw. Sakramentu i&nbsp;nabo\u017ce\u0144stwo pierwszopi\u0105tkowe. O&nbsp;godz. 9 wyjazd do chorych. W&nbsp;sobot\u0119 o&nbsp;godz. 9 nabo\u017ce\u0144stwo r\u00f3\u017ca\u0144cowe. W&nbsp;niedziel\u0119 6 wrze\u015bnia b\u0119dziemy \u015bwi\u0119towa\u0107 do\u017cynki Parafialno- Gminne. B\u0119dzie to r\u00f3wnie\u017c I-wsza niedziela m-ca. Zapraszam ca\u0142\u0105 asyst\u0119 procesyjn\u0105, rolnik\u00f3w\u00a0 i&nbsp;osoby zaanga\u017cowane w&nbsp;u\u015bwietnienie liturgii. \u00a0 \u00a0 [&hellip;]<\/p>\n","protected":false},"author":1,"featured_media":0,"parent":0,"menu_order":0,"comment_status":"closed","ping_status":"closed","template":"","meta":{"footnotes":""},"class_list":["post-2255","page","type-page","status-publish","hentry"],"_links":{"self":[{"href":"https:\/\/www.parafia-nowemiasto.pl\/index.php\/wp-json\/wp\/v2\/pages\/2255","targetHints":{"allow":["GET"]}}],"collection":[{"href":"https:\/\/www.parafia-nowemiasto.pl\/index.php\/wp-json\/wp\/v2\/pages"}],"about":[{"href":"https:\/\/www.parafia-nowemiasto.pl\/index.php\/wp-json\/wp\/v2\/types\/page"}],"author":[{"embeddable":true,"href":"https:\/\/www.parafia-nowemiasto.pl\/index.php\/wp-json\/wp\/v2\/users\/1"}],"replies":[{"embeddable":true,"href":"https:\/\/www.parafia-nowemiasto.pl\/index.php\/wp-json\/wp\/v2\/comments?post=2255"}],"version-history":[{"count":1313,"href":"https:\/\/www.parafia-nowemiasto.pl\/index.php\/wp-json\/wp\/v2\/pages\/2255\/revisions"}],"predecessor-version":[{"id":7452,"href":"https:\/\/www.parafia-nowemiasto.pl\/index.php\/wp-json\/wp\/v2\/pages\/2255\/revisions\/7452"}],"wp:attachment":[{"href":"https:\/\/www.parafia-nowemiasto.pl\/index.php\/wp-json\/wp\/v2\/media?parent=2255"}],"curies":[{"name":"wp","href":"https:\/\/api.w.org\/{rel}","templated":true}]}}