{"id":7147,"date":"2025-11-23T14:33:34","date_gmt":"2025-11-23T13:33:34","guid":{"rendered":"https:\/\/www.parafia-nowemiasto.pl\/?page_id=7147"},"modified":"2026-01-21T08:54:56","modified_gmt":"2026-01-21T07:54:56","slug":"harmonogram","status":"publish","type":"page","link":"https:\/\/www.parafia-nowemiasto.pl\/index.php\/harmonogram\/","title":{"rendered":"Harmonogram"},"content":{"rendered":"\n<div class=\"harmonogram-page\" id=\"harmonogram-top\">\n\n  <!-- HERO -->\n  <section class=\"harmonogram-hero\">\n    <div class=\"harmonogram-hero__content\">\n      <p class=\"harmonogram-hero__subtitle\">Parafia \u015bw. Anny w&nbsp;Nowym Mie\u015bcie<\/p>\n      <h1>Msze \u015bwi\u0119te i&nbsp;nabo\u017ce\u0144stwa<\/h1>\n      <p>\n        Porz\u0105dek Mszy \u015bwi\u0119tych oraz sta\u0142ych nabo\u017ce\u0144stw w&nbsp;ci\u0105gu roku\n        liturgicznego w&nbsp;naszej parafii.\n      <\/p>\n      <p class=\"harmonogram-hero__note\">\n        Ewentualne zmiany godzin s\u0105 og\u0142aszane na&nbsp;bie\u017c\u0105co w&nbsp;og\u0142oszeniach\n        parafialnych.\n      <\/p>\n    <\/div>\n\n    <figure class=\"harmonogram-hero__photo\">\n      <img decoding=\"async\"\n        src=\"https:\/\/www.parafia-nowemiasto.pl\/wp-content\/uploads\/2020\/11\/oltarz-scaled.jpg\"\n        alt=\"O\u0142tarz w&nbsp;ko\u015bciele \u015bw. Anny w&nbsp;Nowym Mie\u015bcie\">\n    <\/figure>\n  <\/section>\n\n  <!-- G\u0141\u00d3WNY BLOK: Msze i&nbsp;nabo\u017ce\u0144stwa -->\n  <section class=\"harmonogram-main\">\n\n    <!-- Msze \u015bwi\u0119te -->\n    <article class=\"harmonogram-card harm-card--masses\">\n      <h2>Msze \u015bwi\u0119te \u2013 porz\u0105dek sta\u0142y<\/h2>\n      <dl class=\"harmonogram-list\">\n        <div class=\"harmonogram-row\">\n          <dt>Niedziele i&nbsp;\u015bwi\u0119ta<\/dt>\n          <dd>9:00, 11:00, 17:00<\/dd>\n        <\/div>\n        <div class=\"harmonogram-row\">\n          <dt>Dni powszednie<\/dt>\n          <dd>\n            17:00 i&nbsp;18:00<br>\n            <span class=\"harmonogram-note\">\n              w&nbsp;okresie zimowym: 16:00 i&nbsp;17:00\n            <\/span>\n          <\/dd>\n        <\/div>\n        <div class=\"harmonogram-row\">\n          <dt>Adwent<\/dt>\n          <dd>7:00 (Roraty) i&nbsp;16:00<\/dd>\n        <\/div>\n      <\/dl>\n      <p class=\"harmonogram-footnote\">\n        Okres zimowy: od 1 pa\u017adziernika do wtorku przed \u015arod\u0105 Popielcow\u0105 w\u0142\u0105cznie.\n      <\/p>\n    <\/article>\n\n    <!-- Nabo\u017ce\u0144stwa tygodniowe -->\n    <article class=\"harmonogram-card harm-card--weekly\">\n      <h2>Nabo\u017ce\u0144stwa i&nbsp;modlitwy cotygodniowe<\/h2>\n      <p class=\"harmonogram-meta\">po pierwszej Mszy \u015bwi\u0119tej:<\/p>\n      <ul class=\"harmonogram-items\">\n        <li><span>Poniedzia\u0142ek<\/span><span>modlitwy do Ducha \u015awi\u0119tego<\/span><\/li>\n        <li><span>Wtorek<\/span><span>modlitwy do \u015bw. Anny<\/span><\/li>\n        <li><span>\u015aroda<\/span><span>modlitwy do \u015awi\u0119tej Rodziny<\/span><\/li>\n        <li><span>Czwartek<\/span><span>modlitwy do Mi\u0142osierdzia Bo\u017cego<\/span><\/li>\n        <li><span>Sobota<\/span><span>nabo\u017ce\u0144stwo maryjne<\/span><\/li>\n      <\/ul>\n    <\/article>\n\n    <!-- Nabo\u017ce\u0144stwa comiesi\u0119czne -->\n    <article class=\"harmonogram-card harm-card--monthly\">\n      <h2>Nabo\u017ce\u0144stwa comiesi\u0119czne<\/h2>\n      <ul class=\"harmonogram-items\">\n        <li>\n          <span>I&nbsp;pi\u0105tek miesi\u0105ca<\/span>\n          <span>nabo\u017ce\u0144stwo do Naj\u015bwi\u0119tszego Serca Jezusowego (po pierwszej Mszy \u015bw.)<\/span>\n        <\/li>\n        <li>\n          <span>I&nbsp;pi\u0105tek miesi\u0105ca<\/span>\n          <span>wyjazd do chorych<\/span>\n        <\/li>\n        <li>\n          <span>I&nbsp;sobota miesi\u0105ca<\/span>\n          <span>nabo\u017ce\u0144stwo dla K\u017bR \u2013 godz. 9:00<\/span>\n        <\/li>\n        <li>\n          <span>I&nbsp;niedziela miesi\u0105ca<\/span>\n          <span>\n            nabo\u017ce\u0144stwo eucharystyczne (po Mszy \u015bw. o&nbsp;11:00)<br>\n            <span class=\"harmonogram-note\">od Wielkanocy do wrze\u015bnia: procesja eucharystyczna<\/span>\n          <\/span>\n        <\/li>\n      <\/ul>\n    <\/article>\n\n    <!-- Wydarzenia 2026 + chrzty zbiorowe -->\n    <article class=\"harmonogram-card harm-card--year\">\n      <h2>Sakramenty i&nbsp;wydarzenia w&nbsp;2026 roku<\/h2>\n      <div class=\"harmonogram-year-grid\">\n        <div class=\"harmonogram-year-main\">\n          <ul class=\"harmonogram-items\">\n            <li><span>Nabo\u017ce\u0144stwo majowe<\/span><span>maj \u2013 godz. 17:30<\/span><\/li>\n            <li><span>Nabo\u017ce\u0144stwo czerwcowe<\/span><span>czerwiec \u2013 godz. 17:30<\/span><\/li>\n            <li><span>Nabo\u017ce\u0144stwo r\u00f3\u017ca\u0144cowe<\/span><span>pa\u017adziernik \u2013 godz. 16:30<\/span><\/li>\n            <li><span>Droga krzy\u017cowa<\/span><span>pi\u0105tki Wielkiego Postu \u2013 godz. 17:30<\/span><\/li>\n            <li><span>Gorzkie \u017cale<\/span><span>niedziele Wielkiego Postu \u2013 po sumie o&nbsp;11:00<\/span><\/li>\n            <li><span>Msze \u015bw. roratnie<\/span><span>dni powszednie Adwentu \u2013 godz. 7:00<\/span><\/li>\n\n            <li><span>Rekolekcje wielkopostne<\/span><span>22\u201324 marca 2026 r.<\/span><\/li>\n            <li><span>Rekolekcje adwentowe<\/span><span>13\u201315 grudnia 2026 r.<\/span><\/li>\n\n            <li><span>Odpust \u015awi\u0119tej Tr\u00f3jcy<\/span><span>31 maja 2026 r.<\/span><\/li>\n            <li><span>Po\u015bwi\u0119cenie pojazd\u00f3w<\/span><span>19 lipca 2026 r.<\/span><\/li>\n            <li><span>Odpust \u015bw. Anny<\/span><span>26 lipca 2026 r.<\/span><\/li>\n            <li><span>Dzie\u0144 Eucharystyczny<\/span><span>28 lipca 2026 r.<\/span><\/li>\n\n            <li><span>Do\u017cynki parafialne<\/span><span>6 wrze\u015bnia 2026 r., suma o&nbsp;11:00<\/span><\/li>\n\n            <li><span>Pierwsza Komunia \u015awi\u0119ta<\/span><span>17 maja 2026 r., godz. 12:30<\/span><\/li>\n            <li><span>Odnowienie przyrzecze\u0144 chrzcielnych<\/span><span>24 maja 2026 r., godz. 12:30<\/span><\/li>\n          <\/ul>\n        <\/div>\n\n        <div class=\"harmonogram-year-baptism\">\n          <h3>Chrzest zbiorowy w&nbsp;2026 roku<\/h3>\n          <p class=\"harmonogram-meta\">podczas sumy o&nbsp;11:00:<\/p>\n          <ul class=\"harmonogram-dates\">\n            <li>11 stycznia<\/li>\n            <li>6 kwietnia<\/li>\n            <li>10 maja<\/li>\n            <li>14 czerwca<\/li>\n            <li>12 lipca<\/li>\n            <li>16 sierpnia<\/li>\n            <li>20 wrze\u015bnia<\/li>\n            <li>18 pa\u017adziernika<\/li>\n            <li>15 listopada<\/li>\n            <li>26 grudnia<\/li>\n          <\/ul>\n        <\/div>\n      <\/div>\n    <\/article>\n\n    <!-- Nabo\u017ce\u0144stwa okresowe \u2013 schemat -->\n    <article class=\"harmonogram-card harm-card--seasonal\">\n      <h2>Nabo\u017ce\u0144stwa okresowe \u2013 og\u00f3lnie<\/h2>\n      <p class=\"harmonogram-meta\">\n        Schemat obowi\u0105zuje co roku; dok\u0142adne terminy i&nbsp;godziny s\u0105\n        podawane w&nbsp;og\u0142oszeniach parafialnych.\n      <\/p>\n      <ul class=\"harmonogram-items\">\n        <li><span>Adwent<\/span><span>Roraty o&nbsp;7:00 (dni powszednie)<\/span><\/li>\n        <li><span>Maj<\/span><span>nabo\u017ce\u0144stwa majowe \u2013 zwykle o&nbsp;17:30<\/span><\/li>\n        <li><span>Czerwiec<\/span><span>nabo\u017ce\u0144stwa czerwcowe \u2013 zwykle o&nbsp;17:30<\/span><\/li>\n        <li><span>Pa\u017adziernik<\/span><span>nabo\u017ce\u0144stwa r\u00f3\u017ca\u0144cowe \u2013 zwykle o&nbsp;16:30<\/span><\/li>\n        <li><span>Droga krzy\u017cowa<\/span><span>pi\u0105tki Wielkiego Postu \u2013 zwykle o&nbsp;17:30<\/span><\/li>\n        <li><span>Gorzkie \u017bale<\/span><span>niedziele Wielkiego Postu \u2013 po sumie<\/span><\/li>\n        <li><span>Odpust parafialny<\/span><span>I&nbsp;niedziela po wspomnieniu \u015bw. Anny (po 26 lipca)<\/span><\/li>\n        <li><span>Do\u017cynki parafialne<\/span><span>I&nbsp;niedziela wrze\u015bnia (suma o&nbsp;11:00)<\/span><\/li>\n      <\/ul>\n    <\/article>\n\n  <\/section>\n<\/div>\n\n\n\n<p><\/p>\n","protected":false},"excerpt":{"rendered":"<p>Parafia \u015bw. Anny w&nbsp;Nowym Mie\u015bcie Msze \u015bwi\u0119te i&nbsp;nabo\u017ce\u0144stwa Porz\u0105dek Mszy \u015bwi\u0119tych oraz sta\u0142ych nabo\u017ce\u0144stw w&nbsp;ci\u0105gu roku liturgicznego w&nbsp;naszej parafii. Ewentualne zmiany godzin s\u0105 og\u0142aszane na&nbsp;bie\u017c\u0105co w&nbsp;og\u0142oszeniach parafialnych. Msze \u015bwi\u0119te \u2013 porz\u0105dek sta\u0142y Niedziele i&nbsp;\u015bwi\u0119ta 9:00, 11:00, 17:00 Dni powszednie 17:00 i&nbsp;18:00 w&nbsp;okresie zimowym: 16:00 i&nbsp;17:00 Adwent 7:00 (Roraty) i&nbsp;16:00 Okres zimowy: od 1 pa\u017adziernika do [&hellip;]<\/p>\n","protected":false},"author":1,"featured_media":0,"parent":0,"menu_order":0,"comment_status":"closed","ping_status":"closed","template":"","meta":{"footnotes":""},"class_list":["post-7147","page","type-page","status-publish","hentry"],"_links":{"self":[{"href":"https:\/\/www.parafia-nowemiasto.pl\/index.php\/wp-json\/wp\/v2\/pages\/7147","targetHints":{"allow":["GET"]}}],"collection":[{"href":"https:\/\/www.parafia-nowemiasto.pl\/index.php\/wp-json\/wp\/v2\/pages"}],"about":[{"href":"https:\/\/www.parafia-nowemiasto.pl\/index.php\/wp-json\/wp\/v2\/types\/page"}],"author":[{"embeddable":true,"href":"https:\/\/www.parafia-nowemiasto.pl\/index.php\/wp-json\/wp\/v2\/users\/1"}],"replies":[{"embeddable":true,"href":"https:\/\/www.parafia-nowemiasto.pl\/index.php\/wp-json\/wp\/v2\/comments?post=7147"}],"version-history":[{"count":7,"href":"https:\/\/www.parafia-nowemiasto.pl\/index.php\/wp-json\/wp\/v2\/pages\/7147\/revisions"}],"predecessor-version":[{"id":7324,"href":"https:\/\/www.parafia-nowemiasto.pl\/index.php\/wp-json\/wp\/v2\/pages\/7147\/revisions\/7324"}],"wp:attachment":[{"href":"https:\/\/www.parafia-nowemiasto.pl\/index.php\/wp-json\/wp\/v2\/media?parent=7147"}],"curies":[{"name":"wp","href":"https:\/\/api.w.org\/{rel}","templated":true}]}}